{"id":1047,"date":"2026-08-03T10:06:31","date_gmt":"2026-08-03T08:06:31","guid":{"rendered":"https:\/\/www.lindenhof.bz\/?page_id=1047"},"modified":"2026-08-27T16:40:42","modified_gmt":"2026-08-27T14:40:42","slug":"piscina-wellness","status":"publish","type":"page","link":"https:\/\/www.lindenhof.bz\/it\/piscina-wellness\/","title":{"rendered":"Piscina &amp; wellness"},"content":{"rendered":"\n<div class=\"wp-block-cover alignfull is-light has-header-overlay\" style=\"min-height:100vh;aspect-ratio:unset;\"><img loading=\"lazy\" decoding=\"async\" width=\"2048\" height=\"1367\" class=\"wp-block-cover__image-background wp-image-73 size-full\" alt=\"\" src=\"https:\/\/www.lindenhof.bz\/wp-content\/uploads\/2026\/08\/20260611104949-_8008968.jpg\" data-object-fit=\"cover\" srcset=\"https:\/\/www.lindenhof.bz\/wp-content\/uploads\/2026\/08\/20260611104949-_8008968.jpg 2048w, https:\/\/www.lindenhof.bz\/wp-content\/uploads\/2026\/08\/20260611104949-_8008968-768x513.jpg 768w, https:\/\/www.lindenhof.bz\/wp-content\/uploads\/2026\/08\/20260611104949-_8008968-1536x1025.jpg 1536w\" sizes=\"auto, (max-width: 2048px) 100vw, 2048px\" \/><span aria-hidden=\"true\" class=\"wp-block-cover__background has-background-dim-0 has-background-dim\"><\/span><div class=\"wp-block-cover__inner-container is-layout-constrained wp-block-cover-is-layout-constrained\">\n<p class=\"has-text-align-center wp-block-paragraph\">Rinfrescarsi, rilassarsi e lasciarsi avvolgere da un piacevole calore<\/p>\n<\/div><\/div>\n\n\n\n<div class=\"wp-block-group dmz-breite-schmal is-layout-constrained wp-block-group-is-layout-constrained\">\n<h1 class=\"wp-block-heading\">Piscina &amp; wellness<\/h1>\n\n\n\n<h2 class=\"wp-block-heading\">Relax al Lindenhof<\/h2>\n\n\n\n<p class=\"wp-block-paragraph\">Dopo una giornata ricca di esperienze, \u00e8 il momento di staccare la spina e rilassarsi. Rinfrescatevi nella nostra piscina, concedetevi una pausa sul prato oppure godetevi il piacevole calore della nostra sauna finlandese panoramica.<\/p>\n<\/div>\n\n\n\n<figure data-wp-context=\"{&quot;galleryId&quot;:&quot;6a97b86e1c9d7&quot;}\" data-wp-interactive=\"core\/gallery\" class=\"wp-block-gallery has-nested-images columns-default is-cropped dmz-slider wp-block-gallery-1 is-layout-flex wp-block-gallery-is-layout-flex\">\n<figure data-wp-context=\"{&quot;imageId&quot;:&quot;6a97b86e1d3c0&quot;}\" data-wp-interactive=\"core\/image\" data-wp-key=\"6a97b86e1d3c0\" class=\"wp-block-image size-large wp-lightbox-container\"><img loading=\"lazy\" decoding=\"async\" width=\"1536\" height=\"1023\" data-wp-class--hide=\"state.isContentHidden\" data-wp-class--show=\"state.isContentVisible\" data-wp-init=\"callbacks.setButtonStyles\" data-wp-on--click=\"actions.showLightbox\" data-wp-on--load=\"callbacks.setButtonStyles\" data-wp-on--pointerdown=\"actions.preloadImage\" data-wp-on--pointerenter=\"actions.preloadImageWithDelay\" data-wp-on--pointerleave=\"actions.cancelPreload\" data-wp-on-window--resize=\"callbacks.setButtonStyles\" data-id=\"553\" src=\"https:\/\/www.lindenhof.bz\/wp-content\/uploads\/2026\/08\/20260611120917-dji_0860-1536x1023.jpg\" alt=\"\" class=\"wp-image-553\" srcset=\"https:\/\/www.lindenhof.bz\/wp-content\/uploads\/2026\/08\/20260611120917-dji_0860-1536x1023.jpg 1536w, https:\/\/www.lindenhof.bz\/wp-content\/uploads\/2026\/08\/20260611120917-dji_0860-768x512.jpg 768w, https:\/\/www.lindenhof.bz\/wp-content\/uploads\/2026\/08\/20260611120917-dji_0860.jpg 2048w\" sizes=\"auto, (max-width: 1536px) 100vw, 1536px\" \/><button\n\t\t\tclass=\"lightbox-trigger\"\n\t\t\ttype=\"button\"\n\t\t\taria-haspopup=\"dialog\"\n\t\t\tdata-wp-bind--aria-label=\"state.thisImage.triggerButtonAriaLabel\"\n\t\t\tdata-wp-init=\"callbacks.initTriggerButton\"\n\t\t\tdata-wp-on--click=\"actions.showLightbox\"\n\t\t\tdata-wp-style--right=\"state.thisImage.buttonRight\"\n\t\t\tdata-wp-style--top=\"state.thisImage.buttonTop\"\n\t\t>\n\t\t\t<svg xmlns=\"http:\/\/www.w3.org\/2000\/svg\" width=\"12\" height=\"12\" fill=\"none\" viewBox=\"0 0 12 12\">\n\t\t\t\t<path fill=\"#fff\" d=\"M2 0a2 2 0 0 0-2 2v2h1.5V2a.5.5 0 0 1 .5-.5h2V0H2Zm2 10.5H2a.5.5 0 0 1-.5-.5V8H0v2a2 2 0 0 0 2 2h2v-1.5ZM8 12v-1.5h2a.5.5 0 0 0 .5-.5V8H12v2a2 2 0 0 1-2 2H8Zm2-12a2 2 0 0 1 2 2v2h-1.5V2a.5.5 0 0 0-.5-.5H8V0h2Z\" \/>\n\t\t\t<\/svg>\n\t\t<\/button><\/figure>\n\n\n\n<figure data-wp-context=\"{&quot;imageId&quot;:&quot;6a97b86e1d9f5&quot;}\" data-wp-interactive=\"core\/image\" data-wp-key=\"6a97b86e1d9f5\" class=\"wp-block-image size-large wp-lightbox-container\"><img loading=\"lazy\" decoding=\"async\" width=\"1536\" height=\"1023\" data-wp-class--hide=\"state.isContentHidden\" data-wp-class--show=\"state.isContentVisible\" data-wp-init=\"callbacks.setButtonStyles\" data-wp-on--click=\"actions.showLightbox\" data-wp-on--load=\"callbacks.setButtonStyles\" data-wp-on--pointerdown=\"actions.preloadImage\" data-wp-on--pointerenter=\"actions.preloadImageWithDelay\" data-wp-on--pointerleave=\"actions.cancelPreload\" data-wp-on-window--resize=\"callbacks.setButtonStyles\" data-id=\"554\" src=\"https:\/\/www.lindenhof.bz\/wp-content\/uploads\/2026\/08\/20260611121643-dji_0892-1536x1023.jpg\" alt=\"\" class=\"wp-image-554\" srcset=\"https:\/\/www.lindenhof.bz\/wp-content\/uploads\/2026\/08\/20260611121643-dji_0892-1536x1023.jpg 1536w, https:\/\/www.lindenhof.bz\/wp-content\/uploads\/2026\/08\/20260611121643-dji_0892-768x512.jpg 768w, https:\/\/www.lindenhof.bz\/wp-content\/uploads\/2026\/08\/20260611121643-dji_0892.jpg 2048w\" sizes=\"auto, (max-width: 1536px) 100vw, 1536px\" \/><button\n\t\t\tclass=\"lightbox-trigger\"\n\t\t\ttype=\"button\"\n\t\t\taria-haspopup=\"dialog\"\n\t\t\tdata-wp-bind--aria-label=\"state.thisImage.triggerButtonAriaLabel\"\n\t\t\tdata-wp-init=\"callbacks.initTriggerButton\"\n\t\t\tdata-wp-on--click=\"actions.showLightbox\"\n\t\t\tdata-wp-style--right=\"state.thisImage.buttonRight\"\n\t\t\tdata-wp-style--top=\"state.thisImage.buttonTop\"\n\t\t>\n\t\t\t<svg xmlns=\"http:\/\/www.w3.org\/2000\/svg\" width=\"12\" height=\"12\" fill=\"none\" viewBox=\"0 0 12 12\">\n\t\t\t\t<path fill=\"#fff\" d=\"M2 0a2 2 0 0 0-2 2v2h1.5V2a.5.5 0 0 1 .5-.5h2V0H2Zm2 10.5H2a.5.5 0 0 1-.5-.5V8H0v2a2 2 0 0 0 2 2h2v-1.5ZM8 12v-1.5h2a.5.5 0 0 0 .5-.5V8H12v2a2 2 0 0 1-2 2H8Zm2-12a2 2 0 0 1 2 2v2h-1.5V2a.5.5 0 0 0-.5-.5H8V0h2Z\" \/>\n\t\t\t<\/svg>\n\t\t<\/button><\/figure>\n<\/figure>\n\n\n\n<div class=\"wp-block-columns is-layout-flex wp-container-core-columns-is-layout-e239e189 wp-block-columns-is-layout-flex\">\n<div class=\"wp-block-column is-layout-flow wp-block-column-is-layout-flow\">\n<h2 class=\"wp-block-heading\">Un tuffo con vista<\/h2>\n\n\n\n<p class=\"wp-block-paragraph\"><strong>Piscina &amp; prato<\/strong><\/p>\n\n\n\n<p class=\"wp-block-paragraph\">La nostra piscina, con un diametro di 5,5 metri e una profondit\u00e0 di 1,3 metri, \u00e8 perfetta per rinfrescarsi nelle giornate pi\u00f9 calde. Tutt\u2019intorno, il prato offre tanto spazio per rilassarsi e godersi il momento.<\/p>\n<\/div>\n\n\n\n<div class=\"wp-block-column is-layout-flow wp-block-column-is-layout-flow\">\n<h2 class=\"wp-block-heading\">Calore &amp; relax<\/h2>\n\n\n\n<p class=\"wp-block-paragraph\"><strong>La nostra sauna panoramica<\/strong><\/p>\n\n\n\n<p class=\"wp-block-paragraph\">La nostra sauna finlandese panoramica \u00e8 a vostra disposizione gratuitamente durante il soggiorno. Dopo la sauna, potete rinfrescarvi con la doccia esterna oppure, in inverno, anche con un tuffo in piscina.<\/p>\n\n\n\n<p class=\"wp-block-paragraph\">Su richiesta mettiamo volentieri a disposizione teli da sauna e accappatoi. Chi desidera godersi la sauna in tutta tranquillit\u00e0 pu\u00f2 inoltre richiederne l\u2019utilizzo privato<\/p>\n<\/div>\n<\/div>\n\n\n\n<div class=\"wp-block-group dmz-breite-schmal is-layout-constrained wp-block-group-is-layout-constrained\">\n<h2 class=\"wp-block-heading\">Faq<\/h2>\n\n\n\n<div data-wp-context=\"{ &quot;autoclose&quot;: false, &quot;accordionItems&quot;: [] }\" data-wp-interactive=\"core\/accordion\" role=\"group\" class=\"wp-block-accordion dmz-schema-faq is-layout-flow wp-block-accordion-is-layout-flow\">\n<div data-wp-class--is-open=\"state.isOpen\" data-wp-context=\"{ &quot;id&quot;: &quot;accordion-item-2&quot;, &quot;openByDefault&quot;: false }\" data-wp-init=\"callbacks.initAccordionItems\" data-wp-on-window--hashchange=\"callbacks.hashChange\" class=\"wp-block-accordion-item is-layout-flow wp-block-accordion-item-is-layout-flow\">\n<h3 class=\"wp-block-accordion-heading has-icon has-icon-right\"><button aria-expanded=\"false\" aria-controls=\"accordion-item-2-panel\" data-wp-bind--aria-expanded=\"state.isOpen\" data-wp-on--click=\"actions.toggle\" id=\"accordion-item-2\" type=\"button\" class=\"wp-block-accordion-heading__toggle\"><span class=\"wp-block-accordion-heading__toggle-title\">Quanto \u00e8 grande e profonda la piscina?<\/span><span class=\"wp-block-accordion-heading__toggle-icon\" aria-hidden=\"true\">+<\/span><\/button><\/h3>\n\n\n\n<div aria-labelledby=\"accordion-item-2\" data-wp-bind--hidden=\"state.isHidden\" data-wp-on--beforematch=\"actions.handleBeforeMatch\" id=\"accordion-item-2-panel\" role=\"region\" class=\"wp-block-accordion-panel is-layout-flow wp-block-accordion-panel-is-layout-flow\">\n<p class=\"wp-block-paragraph\">La piscina ha un diametro di 5,5 metri ed \u00e8 profonda 1,3 metri.<\/p>\n<\/div>\n<\/div>\n\n\n\n<div data-wp-class--is-open=\"state.isOpen\" data-wp-context=\"{ &quot;id&quot;: &quot;accordion-item-3&quot;, &quot;openByDefault&quot;: false }\" data-wp-init=\"callbacks.initAccordionItems\" data-wp-on-window--hashchange=\"callbacks.hashChange\" class=\"wp-block-accordion-item is-layout-flow wp-block-accordion-item-is-layout-flow\">\n<h3 class=\"wp-block-accordion-heading has-icon has-icon-right\"><button aria-expanded=\"false\" aria-controls=\"accordion-item-3-panel\" data-wp-bind--aria-expanded=\"state.isOpen\" data-wp-on--click=\"actions.toggle\" id=\"accordion-item-3\" type=\"button\" class=\"wp-block-accordion-heading__toggle\"><span class=\"wp-block-accordion-heading__toggle-title\">L\u2019utilizzo della sauna \u00e8 gratuito?<\/span><span class=\"wp-block-accordion-heading__toggle-icon\" aria-hidden=\"true\">+<\/span><\/button><\/h3>\n\n\n\n<div aria-labelledby=\"accordion-item-3\" data-wp-bind--hidden=\"state.isHidden\" data-wp-on--beforematch=\"actions.handleBeforeMatch\" id=\"accordion-item-3-panel\" role=\"region\" class=\"wp-block-accordion-panel is-layout-flow wp-block-accordion-panel-is-layout-flow\">\n<p class=\"wp-block-paragraph\">S\u00ec. La sauna finlandese panoramica \u00e8 a disposizione degli ospiti gratuitamente durante il soggiorno.<\/p>\n<\/div>\n<\/div>\n\n\n\n<div data-wp-class--is-open=\"state.isOpen\" data-wp-context=\"{ &quot;id&quot;: &quot;accordion-item-4&quot;, &quot;openByDefault&quot;: false }\" data-wp-init=\"callbacks.initAccordionItems\" data-wp-on-window--hashchange=\"callbacks.hashChange\" class=\"wp-block-accordion-item is-layout-flow wp-block-accordion-item-is-layout-flow\">\n<h3 class=\"wp-block-accordion-heading has-icon has-icon-right\"><button aria-expanded=\"false\" aria-controls=\"accordion-item-4-panel\" data-wp-bind--aria-expanded=\"state.isOpen\" data-wp-on--click=\"actions.toggle\" id=\"accordion-item-4\" type=\"button\" class=\"wp-block-accordion-heading__toggle\"><span class=\"wp-block-accordion-heading__toggle-title\">Vengono forniti teli da sauna e accappatoi?<\/span><span class=\"wp-block-accordion-heading__toggle-icon\" aria-hidden=\"true\">+<\/span><\/button><\/h3>\n\n\n\n<div aria-labelledby=\"accordion-item-4\" data-wp-bind--hidden=\"state.isHidden\" data-wp-on--beforematch=\"actions.handleBeforeMatch\" id=\"accordion-item-4-panel\" role=\"region\" class=\"wp-block-accordion-panel is-layout-flow wp-block-accordion-panel-is-layout-flow\">\n<p class=\"wp-block-paragraph\">S\u00ec. Teli da sauna e accappatoi sono disponibili su richiesta.<\/p>\n<\/div>\n<\/div>\n\n\n\n<div data-wp-class--is-open=\"state.isOpen\" data-wp-context=\"{ &quot;id&quot;: &quot;accordion-item-5&quot;, &quot;openByDefault&quot;: false }\" data-wp-init=\"callbacks.initAccordionItems\" data-wp-on-window--hashchange=\"callbacks.hashChange\" class=\"wp-block-accordion-item is-layout-flow wp-block-accordion-item-is-layout-flow\">\n<h3 class=\"wp-block-accordion-heading has-icon has-icon-right\"><button aria-expanded=\"false\" aria-controls=\"accordion-item-5-panel\" data-wp-bind--aria-expanded=\"state.isOpen\" data-wp-on--click=\"actions.toggle\" id=\"accordion-item-5\" type=\"button\" class=\"wp-block-accordion-heading__toggle\"><span class=\"wp-block-accordion-heading__toggle-title\">\u00c8 possibile utilizzare la sauna privatamente?<\/span><span class=\"wp-block-accordion-heading__toggle-icon\" aria-hidden=\"true\">+<\/span><\/button><\/h3>\n\n\n\n<div aria-labelledby=\"accordion-item-5\" data-wp-bind--hidden=\"state.isHidden\" data-wp-on--beforematch=\"actions.handleBeforeMatch\" id=\"accordion-item-5-panel\" role=\"region\" class=\"wp-block-accordion-panel is-layout-flow wp-block-accordion-panel-is-layout-flow\">\n<p class=\"wp-block-paragraph\">S\u00ec, \u00e8 possibile richiedere l\u2019utilizzo privato della sauna.<\/p>\n<\/div>\n<\/div>\n\n\n\n<div data-wp-class--is-open=\"state.isOpen\" data-wp-context=\"{ &quot;id&quot;: &quot;accordion-item-6&quot;, &quot;openByDefault&quot;: false }\" data-wp-init=\"callbacks.initAccordionItems\" data-wp-on-window--hashchange=\"callbacks.hashChange\" class=\"wp-block-accordion-item is-layout-flow wp-block-accordion-item-is-layout-flow\">\n<h3 class=\"wp-block-accordion-heading has-icon has-icon-right\"><button aria-expanded=\"false\" aria-controls=\"accordion-item-6-panel\" data-wp-bind--aria-expanded=\"state.isOpen\" data-wp-on--click=\"actions.toggle\" id=\"accordion-item-6\" type=\"button\" class=\"wp-block-accordion-heading__toggle\"><span class=\"wp-block-accordion-heading__toggle-title\">Come ci si pu\u00f2 rinfrescare dopo la sauna?<\/span><span class=\"wp-block-accordion-heading__toggle-icon\" aria-hidden=\"true\">+<\/span><\/button><\/h3>\n\n\n\n<div aria-labelledby=\"accordion-item-6\" data-wp-bind--hidden=\"state.isHidden\" data-wp-on--beforematch=\"actions.handleBeforeMatch\" id=\"accordion-item-6-panel\" role=\"region\" class=\"wp-block-accordion-panel is-layout-flow wp-block-accordion-panel-is-layout-flow\">\n<p class=\"wp-block-paragraph\">\u00c8 disponibile una doccia esterna. In inverno \u00e8 possibile utilizzare anche la piscina.<\/p>\n<\/div>\n<\/div>\n<\/div>\n<\/div>\n","protected":false},"excerpt":{"rendered":"<p>Piscina &amp; wellness Relax al Lindenhof Dopo una giornata ricca di esperienze, \u00e8 il momento di staccare la spina e rilassarsi. Rinfrescatevi nella nostra piscina, concedetevi una pausa sul prato oppure godetevi il piacevole calore della nostra sauna finlandese panoramica. Un tuffo con vista Piscina &amp; prato La nostra piscina, con un diametro di 5,5 [&hellip;]<\/p>\n","protected":false},"author":1,"featured_media":0,"parent":0,"menu_order":0,"comment_status":"closed","ping_status":"closed","template":"","meta":{"footnotes":""},"page_tag":[],"class_list":["post-1047","page","type-page","status-publish","hentry"],"_links":{"self":[{"href":"https:\/\/www.lindenhof.bz\/it\/wp-json\/wp\/v2\/pages\/1047","targetHints":{"allow":["GET"]}}],"collection":[{"href":"https:\/\/www.lindenhof.bz\/it\/wp-json\/wp\/v2\/pages"}],"about":[{"href":"https:\/\/www.lindenhof.bz\/it\/wp-json\/wp\/v2\/types\/page"}],"author":[{"embeddable":true,"href":"https:\/\/www.lindenhof.bz\/it\/wp-json\/wp\/v2\/users\/1"}],"replies":[{"embeddable":true,"href":"https:\/\/www.lindenhof.bz\/it\/wp-json\/wp\/v2\/comments?post=1047"}],"version-history":[{"count":1,"href":"https:\/\/www.lindenhof.bz\/it\/wp-json\/wp\/v2\/pages\/1047\/revisions"}],"predecessor-version":[{"id":1048,"href":"https:\/\/www.lindenhof.bz\/it\/wp-json\/wp\/v2\/pages\/1047\/revisions\/1048"}],"wp:attachment":[{"href":"https:\/\/www.lindenhof.bz\/it\/wp-json\/wp\/v2\/media?parent=1047"}],"wp:term":[{"taxonomy":"page_tag","embeddable":true,"href":"https:\/\/www.lindenhof.bz\/it\/wp-json\/wp\/v2\/page_tag?post=1047"}],"curies":[{"name":"wp","href":"https:\/\/api.w.org\/{rel}","templated":true}]}}