{"id":1053,"date":"2026-08-14T10:47:09","date_gmt":"2026-08-14T08:47:09","guid":{"rendered":"https:\/\/www.lindenhof.bz\/?page_id=1053"},"modified":"2026-08-27T16:43:42","modified_gmt":"2026-08-27T14:43:42","slug":"workation","status":"publish","type":"page","link":"https:\/\/www.lindenhof.bz\/it\/workation\/","title":{"rendered":"Workation"},"content":{"rendered":"\n<div class=\"wp-block-cover alignfull is-light has-header-overlay\" style=\"min-height:100vh;aspect-ratio:unset;\"><img loading=\"lazy\" decoding=\"async\" width=\"2048\" height=\"1365\" class=\"wp-block-cover__image-background wp-image-518 size-full\" alt=\"\" src=\"https:\/\/www.lindenhof.bz\/wp-content\/uploads\/2026\/08\/obstgarten-ferienwohnung-roter-hahn-suedtirol.jpg\" data-object-fit=\"cover\" srcset=\"https:\/\/www.lindenhof.bz\/wp-content\/uploads\/2026\/08\/obstgarten-ferienwohnung-roter-hahn-suedtirol.jpg 2048w, https:\/\/www.lindenhof.bz\/wp-content\/uploads\/2026\/08\/obstgarten-ferienwohnung-roter-hahn-suedtirol-768x512.jpg 768w, https:\/\/www.lindenhof.bz\/wp-content\/uploads\/2026\/08\/obstgarten-ferienwohnung-roter-hahn-suedtirol-1536x1024.jpg 1536w\" sizes=\"auto, (max-width: 2048px) 100vw, 2048px\" \/><span aria-hidden=\"true\" class=\"wp-block-cover__background has-background-dim-0 has-background-dim\"><\/span><div class=\"wp-block-cover__inner-container is-layout-constrained wp-block-cover-is-layout-constrained\">\n<p class=\"has-text-align-center wp-block-paragraph\">Dove il lavoro produttivo incontra la qualit\u00e0 di vita altoatesina<\/p>\n<\/div><\/div>\n\n\n\n<div class=\"wp-block-group dmz-breite-schmal is-layout-constrained wp-block-group-is-layout-constrained\">\n<h1 class=\"wp-block-heading\">Workation al Lindenhof<\/h1>\n\n\n\n<h2 class=\"wp-block-heading\">Lavorare dove gli altri vanno in vacanza<\/h2>\n\n\n\n<p class=\"wp-block-paragraph\">Perch\u00e9 non trasferire per un po\u2019 il proprio luogo di lavoro in Alto Adige? Da novembre a marzo offriamo i nostri appartamenti anche per soggiorni workation pi\u00f9 lunghi. Qui potete conciliare il lavoro in tranquillit\u00e0 con la possibilit\u00e0 di godervi il sud dell\u2019Alto Adige una volta chiuso il computer.<\/p>\n<\/div>\n\n\n\n<figure data-wp-context=\"{&quot;galleryId&quot;:&quot;6a97ba428864d&quot;}\" data-wp-interactive=\"core\/gallery\" class=\"wp-block-gallery has-nested-images columns-default is-cropped dmz-slider wp-block-gallery-1 is-layout-flex wp-block-gallery-is-layout-flex\">\n<figure data-wp-context=\"{&quot;imageId&quot;:&quot;6a97ba4289095&quot;}\" data-wp-interactive=\"core\/image\" data-wp-key=\"6a97ba4289095\" class=\"wp-block-image size-large wp-lightbox-container\"><img loading=\"lazy\" decoding=\"async\" width=\"1536\" height=\"1024\" data-wp-class--hide=\"state.isContentHidden\" data-wp-class--show=\"state.isContentVisible\" data-wp-init=\"callbacks.setButtonStyles\" data-wp-on--click=\"actions.showLightbox\" data-wp-on--load=\"callbacks.setButtonStyles\" data-wp-on--pointerdown=\"actions.preloadImage\" data-wp-on--pointerenter=\"actions.preloadImageWithDelay\" data-wp-on--pointerleave=\"actions.cancelPreload\" data-wp-on-window--resize=\"callbacks.setButtonStyles\" data-id=\"521\" src=\"https:\/\/www.lindenhof.bz\/wp-content\/uploads\/2026\/08\/obstgarten-aussicht-dolomiten-berge-1536x1024.jpg\" alt=\"\" class=\"wp-image-521\" srcset=\"https:\/\/www.lindenhof.bz\/wp-content\/uploads\/2026\/08\/obstgarten-aussicht-dolomiten-berge-1536x1024.jpg 1536w, https:\/\/www.lindenhof.bz\/wp-content\/uploads\/2026\/08\/obstgarten-aussicht-dolomiten-berge-768x512.jpg 768w, https:\/\/www.lindenhof.bz\/wp-content\/uploads\/2026\/08\/obstgarten-aussicht-dolomiten-berge.jpg 2048w\" sizes=\"auto, (max-width: 1536px) 100vw, 1536px\" \/><button\n\t\t\tclass=\"lightbox-trigger\"\n\t\t\ttype=\"button\"\n\t\t\taria-haspopup=\"dialog\"\n\t\t\tdata-wp-bind--aria-label=\"state.thisImage.triggerButtonAriaLabel\"\n\t\t\tdata-wp-init=\"callbacks.initTriggerButton\"\n\t\t\tdata-wp-on--click=\"actions.showLightbox\"\n\t\t\tdata-wp-style--right=\"state.thisImage.buttonRight\"\n\t\t\tdata-wp-style--top=\"state.thisImage.buttonTop\"\n\t\t>\n\t\t\t<svg xmlns=\"http:\/\/www.w3.org\/2000\/svg\" width=\"12\" height=\"12\" fill=\"none\" viewBox=\"0 0 12 12\">\n\t\t\t\t<path fill=\"#fff\" d=\"M2 0a2 2 0 0 0-2 2v2h1.5V2a.5.5 0 0 1 .5-.5h2V0H2Zm2 10.5H2a.5.5 0 0 1-.5-.5V8H0v2a2 2 0 0 0 2 2h2v-1.5ZM8 12v-1.5h2a.5.5 0 0 0 .5-.5V8H12v2a2 2 0 0 1-2 2H8Zm2-12a2 2 0 0 1 2 2v2h-1.5V2a.5.5 0 0 0-.5-.5H8V0h2Z\" \/>\n\t\t\t<\/svg>\n\t\t<\/button><\/figure>\n\n\n\n<figure data-wp-context=\"{&quot;imageId&quot;:&quot;6a97ba4289776&quot;}\" data-wp-interactive=\"core\/image\" data-wp-key=\"6a97ba4289776\" class=\"wp-block-image size-large wp-lightbox-container\"><img loading=\"lazy\" decoding=\"async\" width=\"1536\" height=\"1023\" data-wp-class--hide=\"state.isContentHidden\" data-wp-class--show=\"state.isContentVisible\" data-wp-init=\"callbacks.setButtonStyles\" data-wp-on--click=\"actions.showLightbox\" data-wp-on--load=\"callbacks.setButtonStyles\" data-wp-on--pointerdown=\"actions.preloadImage\" data-wp-on--pointerenter=\"actions.preloadImageWithDelay\" data-wp-on--pointerleave=\"actions.cancelPreload\" data-wp-on-window--resize=\"callbacks.setButtonStyles\" data-id=\"25\" src=\"https:\/\/www.lindenhof.bz\/wp-content\/uploads\/2026\/08\/20260611-113401-dji_0613-1536x1023.jpg\" alt=\"\" class=\"wp-image-25\" srcset=\"https:\/\/www.lindenhof.bz\/wp-content\/uploads\/2026\/08\/20260611-113401-dji_0613-1536x1023.jpg 1536w, https:\/\/www.lindenhof.bz\/wp-content\/uploads\/2026\/08\/20260611-113401-dji_0613-768x512.jpg 768w, https:\/\/www.lindenhof.bz\/wp-content\/uploads\/2026\/08\/20260611-113401-dji_0613.jpg 2048w\" sizes=\"auto, (max-width: 1536px) 100vw, 1536px\" \/><button\n\t\t\tclass=\"lightbox-trigger\"\n\t\t\ttype=\"button\"\n\t\t\taria-haspopup=\"dialog\"\n\t\t\tdata-wp-bind--aria-label=\"state.thisImage.triggerButtonAriaLabel\"\n\t\t\tdata-wp-init=\"callbacks.initTriggerButton\"\n\t\t\tdata-wp-on--click=\"actions.showLightbox\"\n\t\t\tdata-wp-style--right=\"state.thisImage.buttonRight\"\n\t\t\tdata-wp-style--top=\"state.thisImage.buttonTop\"\n\t\t>\n\t\t\t<svg xmlns=\"http:\/\/www.w3.org\/2000\/svg\" width=\"12\" height=\"12\" fill=\"none\" viewBox=\"0 0 12 12\">\n\t\t\t\t<path fill=\"#fff\" d=\"M2 0a2 2 0 0 0-2 2v2h1.5V2a.5.5 0 0 1 .5-.5h2V0H2Zm2 10.5H2a.5.5 0 0 1-.5-.5V8H0v2a2 2 0 0 0 2 2h2v-1.5ZM8 12v-1.5h2a.5.5 0 0 0 .5-.5V8H12v2a2 2 0 0 1-2 2H8Zm2-12a2 2 0 0 1 2 2v2h-1.5V2a.5.5 0 0 0-.5-.5H8V0h2Z\" \/>\n\t\t\t<\/svg>\n\t\t<\/button><figcaption class=\"wp-element-caption\">ipsum dolor sit amet<\/figcaption><\/figure>\n<\/figure>\n\n\n\n<div class=\"wp-block-columns is-layout-flex wp-container-core-columns-is-layout-e239e189 wp-block-columns-is-layout-flex\">\n<div class=\"wp-block-column is-layout-flow wp-block-column-is-layout-flow\">\n<h2 class=\"wp-block-heading\">Lavorare bene. Vivere bene.<\/h2>\n\n\n\n<p class=\"wp-block-paragraph\"><strong>Tutto ci\u00f2 che serve per il vostro ufficio temporaneo<\/strong><\/p>\n\n\n\n<p class=\"wp-block-paragraph\">Una connessione stabile in fibra ottica da 80\/80 Mbit\/s e un ambiente tranquillo creano le condizioni ideali per lavorare con concentrazione. Allo stesso tempo, avrete a disposizione il vostro appartamento e potrete usufruire del nostro servizio lavanderia.<\/p>\n\n\n\n<p class=\"wp-block-paragraph\">Quando si chiude il computer, inizia il tempo libero \u2013 nel cuore dei vigneti di Cortaccia e con tutto l\u2019Alto Adige a portata di mano.<\/p>\n<\/div>\n\n\n\n<div class=\"wp-block-column is-layout-flow wp-block-column-is-layout-flow\">\n<h2 class=\"wp-block-heading\">Fermarsi pi\u00f9 a lungo conviene<\/h2>\n\n\n\n<p class=\"wp-block-paragraph\"><strong>La nostra offerta workation da novembre a marzo<\/strong><\/p>\n\n\n\n<p class=\"wp-block-paragraph\">Se desiderate combinare lavoro e soggiorno per diverse settimane, potete approfittare della nostra offerta speciale workation: la prima settimana viene calcolata al prezzo regolare, <strong>ogni settimana successiva a met\u00e0 prezzo<\/strong>.<\/p>\n\n\n\n<p class=\"wp-block-paragraph\">Contattateci direttamente: saremo lieti di prepararvi un\u2019offerta personalizzata per la vostra workation al Lindenhof.<\/p>\n<\/div>\n<\/div>\n","protected":false},"excerpt":{"rendered":"<p>Workation al Lindenhof Lavorare dove gli altri vanno in vacanza Perch\u00e9 non trasferire per un po\u2019 il proprio luogo di lavoro in Alto Adige? Da novembre a marzo offriamo i nostri appartamenti anche per soggiorni workation pi\u00f9 lunghi. Qui potete conciliare il lavoro in tranquillit\u00e0 con la possibilit\u00e0 di godervi il sud dell\u2019Alto Adige una [&hellip;]<\/p>\n","protected":false},"author":1,"featured_media":0,"parent":0,"menu_order":0,"comment_status":"closed","ping_status":"closed","template":"","meta":{"footnotes":""},"page_tag":[],"class_list":["post-1053","page","type-page","status-publish","hentry"],"_links":{"self":[{"href":"https:\/\/www.lindenhof.bz\/it\/wp-json\/wp\/v2\/pages\/1053","targetHints":{"allow":["GET"]}}],"collection":[{"href":"https:\/\/www.lindenhof.bz\/it\/wp-json\/wp\/v2\/pages"}],"about":[{"href":"https:\/\/www.lindenhof.bz\/it\/wp-json\/wp\/v2\/types\/page"}],"author":[{"embeddable":true,"href":"https:\/\/www.lindenhof.bz\/it\/wp-json\/wp\/v2\/users\/1"}],"replies":[{"embeddable":true,"href":"https:\/\/www.lindenhof.bz\/it\/wp-json\/wp\/v2\/comments?post=1053"}],"version-history":[{"count":1,"href":"https:\/\/www.lindenhof.bz\/it\/wp-json\/wp\/v2\/pages\/1053\/revisions"}],"predecessor-version":[{"id":1054,"href":"https:\/\/www.lindenhof.bz\/it\/wp-json\/wp\/v2\/pages\/1053\/revisions\/1054"}],"wp:attachment":[{"href":"https:\/\/www.lindenhof.bz\/it\/wp-json\/wp\/v2\/media?parent=1053"}],"wp:term":[{"taxonomy":"page_tag","embeddable":true,"href":"https:\/\/www.lindenhof.bz\/it\/wp-json\/wp\/v2\/page_tag?post=1053"}],"curies":[{"name":"wp","href":"https:\/\/api.w.org\/{rel}","templated":true}]}}