{"id":946,"date":"2026-08-14T10:59:58","date_gmt":"2026-08-14T08:59:58","guid":{"rendered":"https:\/\/www.lindenhof.bz\/?page_id=946"},"modified":"2026-08-28T10:27:45","modified_gmt":"2026-08-28T08:27:45","slug":"cortaccia-il-sud-dellalto-adige","status":"publish","type":"page","link":"https:\/\/www.lindenhof.bz\/it\/cortaccia-il-sud-dellalto-adige\/","title":{"rendered":"Cortaccia &amp; il sud dell\u2019Alto Adige"},"content":{"rendered":"\n<div class=\"wp-block-cover alignfull is-light has-header-overlay\" style=\"min-height:100vh;aspect-ratio:unset;\"><img loading=\"lazy\" decoding=\"async\" width=\"2048\" height=\"1365\" class=\"wp-block-cover__image-background wp-image-733 size-full\" alt=\"\" src=\"https:\/\/www.lindenhof.bz\/wp-content\/uploads\/2026\/08\/20210810131947-_8503840.jpg\" data-object-fit=\"cover\" srcset=\"https:\/\/www.lindenhof.bz\/wp-content\/uploads\/2026\/08\/20210810131947-_8503840.jpg 2048w, https:\/\/www.lindenhof.bz\/wp-content\/uploads\/2026\/08\/20210810131947-_8503840-768x512.jpg 768w, https:\/\/www.lindenhof.bz\/wp-content\/uploads\/2026\/08\/20210810131947-_8503840-1536x1024.jpg 1536w\" sizes=\"auto, (max-width: 2048px) 100vw, 2048px\" \/><span aria-hidden=\"true\" class=\"wp-block-cover__background has-background-dim-0 has-background-dim\"><\/span><div class=\"wp-block-cover__inner-container is-layout-constrained wp-block-cover-is-layout-constrained\">\n<p class=\"has-text-align-center wp-block-paragraph\">Scopri lo stile di vita altoatesino, il fascino italiano e i tradizionali borghi vinicoli.<\/p>\n<\/div><\/div>\n\n\n\n<div class=\"wp-block-group dmz-breite-schmal is-layout-constrained wp-block-group-is-layout-constrained\">\n<h1 class=\"wp-block-heading\">Cortaccia &amp; il sud dell\u2019Alto Adige<\/h1>\n\n\n\n<h2 class=\"wp-block-heading\">Sul versante soleggiato dell\u2019Alto Adige<\/h2>\n\n\n\n<p class=\"wp-block-paragraph\">Vigneti, meleti e un tocco di atmosfera mediterranea: intorno a Cortaccia, l\u2019Alto Adige mostra il suo lato pi\u00f9 soleggiato. Il Lindenhof \u00e8 il punto di partenza ideale per scoprire il paese vinicolo e il sud dell\u2019Alto Adige \u2013 e al tempo stesso il centro del paese dista appena cinque minuti a piedi.<\/p>\n<\/div>\n\n\n\n<div class=\"wp-block-group is-layout-constrained wp-block-group-is-layout-constrained\">\n<div class=\"wp-block-group is-layout-constrained wp-block-group-is-layout-constrained\">\n<h2 class=\"wp-block-heading\">Cortaccia sulla Strada del Vino<\/h2>\n\n\n\n<p class=\"wp-block-paragraph\"><strong>Un paese vinicolo dall\u2019atmosfera mediterranea<\/strong><\/p>\n<\/div>\n\n\n\n<div class=\"wp-block-columns is-layout-flex wp-container-core-columns-is-layout-efff5f6b wp-block-columns-is-layout-flex\" style=\"margin-top:var(--wp--preset--spacing--50)\">\n<div class=\"wp-block-column is-layout-flow wp-block-column-is-layout-flow\">\n<p class=\"wp-block-paragraph\">Il centro di Cortaccia si trova a circa 333 metri di altitudine, mentre le frazioni di Penone, Corona e Niclara si estendono sui pendii soleggiati sopra la Valle dell\u2019Adige. Oltre 300 giorni di sole all\u2019anno e il clima mite creano condizioni ideali per la coltivazione della vite, della frutta e persino degli ulivi.<\/p>\n<\/div>\n\n\n\n<div class=\"wp-block-column is-layout-flow wp-block-column-is-layout-flow\">\n<p class=\"wp-block-paragraph\">Cortaccia ha comunque conservato le dimensioni e l\u2019atmosfera di un piccolo paese. Nel centro trovate ristoranti, pizzerie, negozi, banca, ufficio postale e farmacia, tutti comodamente raggiungibili a piedi dal Lindenhof.<\/p>\n<\/div>\n<\/div>\n<\/div>\n\n\n\n<figure data-wp-context=\"{&quot;galleryId&quot;:&quot;6a97b909e67c1&quot;}\" data-wp-interactive=\"core\/gallery\" class=\"wp-block-gallery alignwide has-nested-images columns-default is-cropped wp-block-gallery-1 is-layout-flex wp-block-gallery-is-layout-flex\">\n<figure data-wp-context=\"{&quot;imageId&quot;:&quot;6a97b909e70eb&quot;}\" data-wp-interactive=\"core\/image\" data-wp-key=\"6a97b909e70eb\" class=\"wp-block-image size-large wp-lightbox-container\"><img loading=\"lazy\" decoding=\"async\" width=\"1536\" height=\"1024\" data-wp-class--hide=\"state.isContentHidden\" data-wp-class--show=\"state.isContentVisible\" data-wp-init=\"callbacks.setButtonStyles\" data-wp-on--click=\"actions.showLightbox\" data-wp-on--load=\"callbacks.setButtonStyles\" data-wp-on--pointerdown=\"actions.preloadImage\" data-wp-on--pointerenter=\"actions.preloadImageWithDelay\" data-wp-on--pointerleave=\"actions.cancelPreload\" data-wp-on-window--resize=\"callbacks.setButtonStyles\" data-id=\"737\" src=\"https:\/\/www.lindenhof.bz\/wp-content\/uploads\/2026\/08\/20210810130548-_8503796-1536x1024.jpg\" alt=\"\" class=\"wp-image-737\" srcset=\"https:\/\/www.lindenhof.bz\/wp-content\/uploads\/2026\/08\/20210810130548-_8503796-1536x1024.jpg 1536w, https:\/\/www.lindenhof.bz\/wp-content\/uploads\/2026\/08\/20210810130548-_8503796-768x512.jpg 768w, https:\/\/www.lindenhof.bz\/wp-content\/uploads\/2026\/08\/20210810130548-_8503796.jpg 2048w\" sizes=\"auto, (max-width: 1536px) 100vw, 1536px\" \/><button\n\t\t\tclass=\"lightbox-trigger\"\n\t\t\ttype=\"button\"\n\t\t\taria-haspopup=\"dialog\"\n\t\t\tdata-wp-bind--aria-label=\"state.thisImage.triggerButtonAriaLabel\"\n\t\t\tdata-wp-init=\"callbacks.initTriggerButton\"\n\t\t\tdata-wp-on--click=\"actions.showLightbox\"\n\t\t\tdata-wp-style--right=\"state.thisImage.buttonRight\"\n\t\t\tdata-wp-style--top=\"state.thisImage.buttonTop\"\n\t\t>\n\t\t\t<svg xmlns=\"http:\/\/www.w3.org\/2000\/svg\" width=\"12\" height=\"12\" fill=\"none\" viewBox=\"0 0 12 12\">\n\t\t\t\t<path fill=\"#fff\" d=\"M2 0a2 2 0 0 0-2 2v2h1.5V2a.5.5 0 0 1 .5-.5h2V0H2Zm2 10.5H2a.5.5 0 0 1-.5-.5V8H0v2a2 2 0 0 0 2 2h2v-1.5ZM8 12v-1.5h2a.5.5 0 0 0 .5-.5V8H12v2a2 2 0 0 1-2 2H8Zm2-12a2 2 0 0 1 2 2v2h-1.5V2a.5.5 0 0 0-.5-.5H8V0h2Z\" \/>\n\t\t\t<\/svg>\n\t\t<\/button><figcaption class=\"wp-element-caption\">Vicoli pittoreschi<\/figcaption><\/figure>\n\n\n\n<figure data-wp-context=\"{&quot;imageId&quot;:&quot;6a97b909e794c&quot;}\" data-wp-interactive=\"core\/image\" data-wp-key=\"6a97b909e794c\" class=\"wp-block-image size-large wp-lightbox-container\"><img loading=\"lazy\" decoding=\"async\" width=\"1536\" height=\"1024\" data-wp-class--hide=\"state.isContentHidden\" data-wp-class--show=\"state.isContentVisible\" data-wp-init=\"callbacks.setButtonStyles\" data-wp-on--click=\"actions.showLightbox\" data-wp-on--load=\"callbacks.setButtonStyles\" data-wp-on--pointerdown=\"actions.preloadImage\" data-wp-on--pointerenter=\"actions.preloadImageWithDelay\" data-wp-on--pointerleave=\"actions.cancelPreload\" data-wp-on-window--resize=\"callbacks.setButtonStyles\" data-id=\"474\" src=\"https:\/\/www.lindenhof.bz\/wp-content\/uploads\/2026\/08\/20240602104442-dsc_8378-1536x1024.jpg\" alt=\"\" class=\"wp-image-474\" srcset=\"https:\/\/www.lindenhof.bz\/wp-content\/uploads\/2026\/08\/20240602104442-dsc_8378-1536x1024.jpg 1536w, https:\/\/www.lindenhof.bz\/wp-content\/uploads\/2026\/08\/20240602104442-dsc_8378-768x512.jpg 768w, https:\/\/www.lindenhof.bz\/wp-content\/uploads\/2026\/08\/20240602104442-dsc_8378.jpg 2048w\" sizes=\"auto, (max-width: 1536px) 100vw, 1536px\" \/><button\n\t\t\tclass=\"lightbox-trigger\"\n\t\t\ttype=\"button\"\n\t\t\taria-haspopup=\"dialog\"\n\t\t\tdata-wp-bind--aria-label=\"state.thisImage.triggerButtonAriaLabel\"\n\t\t\tdata-wp-init=\"callbacks.initTriggerButton\"\n\t\t\tdata-wp-on--click=\"actions.showLightbox\"\n\t\t\tdata-wp-style--right=\"state.thisImage.buttonRight\"\n\t\t\tdata-wp-style--top=\"state.thisImage.buttonTop\"\n\t\t>\n\t\t\t<svg xmlns=\"http:\/\/www.w3.org\/2000\/svg\" width=\"12\" height=\"12\" fill=\"none\" viewBox=\"0 0 12 12\">\n\t\t\t\t<path fill=\"#fff\" d=\"M2 0a2 2 0 0 0-2 2v2h1.5V2a.5.5 0 0 1 .5-.5h2V0H2Zm2 10.5H2a.5.5 0 0 1-.5-.5V8H0v2a2 2 0 0 0 2 2h2v-1.5ZM8 12v-1.5h2a.5.5 0 0 0 .5-.5V8H12v2a2 2 0 0 1-2 2H8Zm2-12a2 2 0 0 1 2 2v2h-1.5V2a.5.5 0 0 0-.5-.5H8V0h2Z\" \/>\n\t\t\t<\/svg>\n\t\t<\/button><figcaption class=\"wp-element-caption\">Cortaccia \u2013 dal fondovalle fino alle frazioni pi\u00f9 in alto.<\/figcaption><\/figure>\n\n\n\n<figure data-wp-context=\"{&quot;imageId&quot;:&quot;6a97b909e7f72&quot;}\" data-wp-interactive=\"core\/image\" data-wp-key=\"6a97b909e7f72\" class=\"wp-block-image size-large wp-lightbox-container\"><img loading=\"lazy\" decoding=\"async\" width=\"1536\" height=\"1024\" data-wp-class--hide=\"state.isContentHidden\" data-wp-class--show=\"state.isContentVisible\" data-wp-init=\"callbacks.setButtonStyles\" data-wp-on--click=\"actions.showLightbox\" data-wp-on--load=\"callbacks.setButtonStyles\" data-wp-on--pointerdown=\"actions.preloadImage\" data-wp-on--pointerenter=\"actions.preloadImageWithDelay\" data-wp-on--pointerleave=\"actions.cancelPreload\" data-wp-on-window--resize=\"callbacks.setButtonStyles\" data-id=\"735\" src=\"https:\/\/www.lindenhof.bz\/wp-content\/uploads\/2026\/08\/20210810131543-_8503827-1536x1024.jpg\" alt=\"\" class=\"wp-image-735\" srcset=\"https:\/\/www.lindenhof.bz\/wp-content\/uploads\/2026\/08\/20210810131543-_8503827-1536x1024.jpg 1536w, https:\/\/www.lindenhof.bz\/wp-content\/uploads\/2026\/08\/20210810131543-_8503827-768x512.jpg 768w, https:\/\/www.lindenhof.bz\/wp-content\/uploads\/2026\/08\/20210810131543-_8503827.jpg 2048w\" sizes=\"auto, (max-width: 1536px) 100vw, 1536px\" \/><button\n\t\t\tclass=\"lightbox-trigger\"\n\t\t\ttype=\"button\"\n\t\t\taria-haspopup=\"dialog\"\n\t\t\tdata-wp-bind--aria-label=\"state.thisImage.triggerButtonAriaLabel\"\n\t\t\tdata-wp-init=\"callbacks.initTriggerButton\"\n\t\t\tdata-wp-on--click=\"actions.showLightbox\"\n\t\t\tdata-wp-style--right=\"state.thisImage.buttonRight\"\n\t\t\tdata-wp-style--top=\"state.thisImage.buttonTop\"\n\t\t>\n\t\t\t<svg xmlns=\"http:\/\/www.w3.org\/2000\/svg\" width=\"12\" height=\"12\" fill=\"none\" viewBox=\"0 0 12 12\">\n\t\t\t\t<path fill=\"#fff\" d=\"M2 0a2 2 0 0 0-2 2v2h1.5V2a.5.5 0 0 1 .5-.5h2V0H2Zm2 10.5H2a.5.5 0 0 1-.5-.5V8H0v2a2 2 0 0 0 2 2h2v-1.5ZM8 12v-1.5h2a.5.5 0 0 0 .5-.5V8H12v2a2 2 0 0 1-2 2H8Zm2-12a2 2 0 0 1 2 2v2h-1.5V2a.5.5 0 0 0-.5-.5H8V0h2Z\" \/>\n\t\t\t<\/svg>\n\t\t<\/button><figcaption class=\"wp-element-caption\">I vigneti caratterizzano il paesaggio<\/figcaption><\/figure>\n<\/figure>\n\n\n\n<div class=\"wp-block-group dmz-breite-extraschmal is-layout-constrained wp-block-group-is-layout-constrained\">\n<p class=\"wp-block-paragraph\">E Cortaccia \u00e8 solo l\u2019inizio. Nei dintorni si susseguono piccoli paesi vinicoli, ognuno dei quali ha conservato il proprio carattere. Centri storici, vigneti e atmosfera mediterranea rendono gi\u00e0 i dintorni una meta tutta da scoprire.<\/p>\n<\/div>\n\n\n\n<div class=\"wp-block-columns is-layout-flex wp-container-core-columns-is-layout-e239e189 wp-block-columns-is-layout-flex\">\n<div class=\"wp-block-column is-layout-flow wp-block-column-is-layout-flow\">\n<figure data-wp-context=\"{&quot;galleryId&quot;:&quot;6a97b909e87fa&quot;}\" data-wp-interactive=\"core\/gallery\" class=\"wp-block-gallery has-nested-images columns-default is-cropped dmz-slider wp-block-gallery-2 is-layout-flex wp-block-gallery-is-layout-flex\">\n<figure data-wp-context=\"{&quot;imageId&quot;:&quot;6a97b909e8cdb&quot;}\" data-wp-interactive=\"core\/image\" data-wp-key=\"6a97b909e8cdb\" class=\"wp-block-image size-large wp-lightbox-container\"><img loading=\"lazy\" decoding=\"async\" width=\"1536\" height=\"1023\" data-wp-class--hide=\"state.isContentHidden\" data-wp-class--show=\"state.isContentVisible\" data-wp-init=\"callbacks.setButtonStyles\" data-wp-on--click=\"actions.showLightbox\" data-wp-on--load=\"callbacks.setButtonStyles\" data-wp-on--pointerdown=\"actions.preloadImage\" data-wp-on--pointerenter=\"actions.preloadImageWithDelay\" data-wp-on--pointerleave=\"actions.cancelPreload\" data-wp-on-window--resize=\"callbacks.setButtonStyles\" data-id=\"484\" src=\"https:\/\/www.lindenhof.bz\/wp-content\/uploads\/2026\/08\/20240518132217-dsc_7270-1536x1023.jpg\" alt=\"\" class=\"wp-image-484\" srcset=\"https:\/\/www.lindenhof.bz\/wp-content\/uploads\/2026\/08\/20240518132217-dsc_7270-1536x1023.jpg 1536w, https:\/\/www.lindenhof.bz\/wp-content\/uploads\/2026\/08\/20240518132217-dsc_7270-768x512.jpg 768w, https:\/\/www.lindenhof.bz\/wp-content\/uploads\/2026\/08\/20240518132217-dsc_7270.jpg 2048w\" sizes=\"auto, (max-width: 1536px) 100vw, 1536px\" \/><button\n\t\t\tclass=\"lightbox-trigger\"\n\t\t\ttype=\"button\"\n\t\t\taria-haspopup=\"dialog\"\n\t\t\tdata-wp-bind--aria-label=\"state.thisImage.triggerButtonAriaLabel\"\n\t\t\tdata-wp-init=\"callbacks.initTriggerButton\"\n\t\t\tdata-wp-on--click=\"actions.showLightbox\"\n\t\t\tdata-wp-style--right=\"state.thisImage.buttonRight\"\n\t\t\tdata-wp-style--top=\"state.thisImage.buttonTop\"\n\t\t>\n\t\t\t<svg xmlns=\"http:\/\/www.w3.org\/2000\/svg\" width=\"12\" height=\"12\" fill=\"none\" viewBox=\"0 0 12 12\">\n\t\t\t\t<path fill=\"#fff\" d=\"M2 0a2 2 0 0 0-2 2v2h1.5V2a.5.5 0 0 1 .5-.5h2V0H2Zm2 10.5H2a.5.5 0 0 1-.5-.5V8H0v2a2 2 0 0 0 2 2h2v-1.5ZM8 12v-1.5h2a.5.5 0 0 0 .5-.5V8H12v2a2 2 0 0 1-2 2H8Zm2-12a2 2 0 0 1 2 2v2h-1.5V2a.5.5 0 0 0-.5-.5H8V0h2Z\" \/>\n\t\t\t<\/svg>\n\t\t<\/button><figcaption class=\"wp-element-caption\">In bicicletta attraverso la pittoresca Termeno<\/figcaption><\/figure>\n\n\n\n<figure data-wp-context=\"{&quot;imageId&quot;:&quot;6a97b909e92e8&quot;}\" data-wp-interactive=\"core\/image\" data-wp-key=\"6a97b909e92e8\" class=\"wp-block-image size-large wp-lightbox-container\"><img loading=\"lazy\" decoding=\"async\" width=\"1536\" height=\"1024\" data-wp-class--hide=\"state.isContentHidden\" data-wp-class--show=\"state.isContentVisible\" data-wp-init=\"callbacks.setButtonStyles\" data-wp-on--click=\"actions.showLightbox\" data-wp-on--load=\"callbacks.setButtonStyles\" data-wp-on--pointerdown=\"actions.preloadImage\" data-wp-on--pointerenter=\"actions.preloadImageWithDelay\" data-wp-on--pointerleave=\"actions.cancelPreload\" data-wp-on-window--resize=\"callbacks.setButtonStyles\" data-id=\"485\" src=\"https:\/\/www.lindenhof.bz\/wp-content\/uploads\/2026\/08\/20240519131625-dsc_7596-1536x1024.jpg\" alt=\"\" class=\"wp-image-485\" srcset=\"https:\/\/www.lindenhof.bz\/wp-content\/uploads\/2026\/08\/20240519131625-dsc_7596-1536x1024.jpg 1536w, https:\/\/www.lindenhof.bz\/wp-content\/uploads\/2026\/08\/20240519131625-dsc_7596-768x512.jpg 768w, https:\/\/www.lindenhof.bz\/wp-content\/uploads\/2026\/08\/20240519131625-dsc_7596.jpg 2048w\" sizes=\"auto, (max-width: 1536px) 100vw, 1536px\" \/><button\n\t\t\tclass=\"lightbox-trigger\"\n\t\t\ttype=\"button\"\n\t\t\taria-haspopup=\"dialog\"\n\t\t\tdata-wp-bind--aria-label=\"state.thisImage.triggerButtonAriaLabel\"\n\t\t\tdata-wp-init=\"callbacks.initTriggerButton\"\n\t\t\tdata-wp-on--click=\"actions.showLightbox\"\n\t\t\tdata-wp-style--right=\"state.thisImage.buttonRight\"\n\t\t\tdata-wp-style--top=\"state.thisImage.buttonTop\"\n\t\t>\n\t\t\t<svg xmlns=\"http:\/\/www.w3.org\/2000\/svg\" width=\"12\" height=\"12\" fill=\"none\" viewBox=\"0 0 12 12\">\n\t\t\t\t<path fill=\"#fff\" d=\"M2 0a2 2 0 0 0-2 2v2h1.5V2a.5.5 0 0 1 .5-.5h2V0H2Zm2 10.5H2a.5.5 0 0 1-.5-.5V8H0v2a2 2 0 0 0 2 2h2v-1.5ZM8 12v-1.5h2a.5.5 0 0 0 .5-.5V8H12v2a2 2 0 0 1-2 2H8Zm2-12a2 2 0 0 1 2 2v2h-1.5V2a.5.5 0 0 0-.5-.5H8V0h2Z\" \/>\n\t\t\t<\/svg>\n\t\t<\/button><figcaption class=\"wp-element-caption\">Aperitivo all\u2019italiana a Cortina sulla Strada del Vino<\/figcaption><\/figure>\n\n\n\n<figure data-wp-context=\"{&quot;imageId&quot;:&quot;6a97b909e97c9&quot;}\" data-wp-interactive=\"core\/image\" data-wp-key=\"6a97b909e97c9\" class=\"wp-block-image size-large wp-lightbox-container\"><img loading=\"lazy\" decoding=\"async\" width=\"1536\" height=\"1024\" data-wp-class--hide=\"state.isContentHidden\" data-wp-class--show=\"state.isContentVisible\" data-wp-init=\"callbacks.setButtonStyles\" data-wp-on--click=\"actions.showLightbox\" data-wp-on--load=\"callbacks.setButtonStyles\" data-wp-on--pointerdown=\"actions.preloadImage\" data-wp-on--pointerenter=\"actions.preloadImageWithDelay\" data-wp-on--pointerleave=\"actions.cancelPreload\" data-wp-on-window--resize=\"callbacks.setButtonStyles\" data-id=\"483\" src=\"https:\/\/www.lindenhof.bz\/wp-content\/uploads\/2026\/08\/20240602100115-dsc_8344-1536x1024.jpg\" alt=\"\" class=\"wp-image-483\" srcset=\"https:\/\/www.lindenhof.bz\/wp-content\/uploads\/2026\/08\/20240602100115-dsc_8344-1536x1024.jpg 1536w, https:\/\/www.lindenhof.bz\/wp-content\/uploads\/2026\/08\/20240602100115-dsc_8344-768x512.jpg 768w, https:\/\/www.lindenhof.bz\/wp-content\/uploads\/2026\/08\/20240602100115-dsc_8344.jpg 2048w\" sizes=\"auto, (max-width: 1536px) 100vw, 1536px\" \/><button\n\t\t\tclass=\"lightbox-trigger\"\n\t\t\ttype=\"button\"\n\t\t\taria-haspopup=\"dialog\"\n\t\t\tdata-wp-bind--aria-label=\"state.thisImage.triggerButtonAriaLabel\"\n\t\t\tdata-wp-init=\"callbacks.initTriggerButton\"\n\t\t\tdata-wp-on--click=\"actions.showLightbox\"\n\t\t\tdata-wp-style--right=\"state.thisImage.buttonRight\"\n\t\t\tdata-wp-style--top=\"state.thisImage.buttonTop\"\n\t\t>\n\t\t\t<svg xmlns=\"http:\/\/www.w3.org\/2000\/svg\" width=\"12\" height=\"12\" fill=\"none\" viewBox=\"0 0 12 12\">\n\t\t\t\t<path fill=\"#fff\" d=\"M2 0a2 2 0 0 0-2 2v2h1.5V2a.5.5 0 0 1 .5-.5h2V0H2Zm2 10.5H2a.5.5 0 0 1-.5-.5V8H0v2a2 2 0 0 0 2 2h2v-1.5ZM8 12v-1.5h2a.5.5 0 0 0 .5-.5V8H12v2a2 2 0 0 1-2 2H8Zm2-12a2 2 0 0 1 2 2v2h-1.5V2a.5.5 0 0 0-.5-.5H8V0h2Z\" \/>\n\t\t\t<\/svg>\n\t\t<\/button><figcaption class=\"wp-element-caption\">Presso la vite secolare di Magr\u00e8<\/figcaption><\/figure>\n<\/figure>\n<\/div>\n\n\n\n<div class=\"wp-block-column is-layout-flow wp-block-column-is-layout-flow\">\n<h2 class=\"wp-block-heading\">Alla scoperta del sud dell\u2019Alto Adige<\/h2>\n\n\n\n<p class=\"wp-block-paragraph\"><strong>Paesi vinicoli tra Bolzano e il confine linguistico<\/strong><\/p>\n\n\n\n<p class=\"wp-block-paragraph\">Intorno a Cortaccia si trovano alcune delle localit\u00e0 vinicole pi\u00f9 conosciute del sud dell\u2019Alto Adige. Magr\u00e8 si adagia ai piedi delle pareti rocciose di Favogna, Cortina sulla Strada del Vino \u00e8 immersa tra estesi frutteti e vigneti, mentre Termeno, patria del Gew\u00fcrztraminer, \u00e8 raggiungibile persino attraverso un percorso pedonale che passa direttamente davanti al Lindenhof. Anche Caldaro si trova nelle immediate vicinanze.<\/p>\n\n\n\n<p class=\"wp-block-paragraph\">Sull\u2019altra sponda dell\u2019Adige meritano una visita Ora, Montagna, Egna con i suoi storici portici e Salorno, nell\u2019estremo sud dell\u2019Alto Adige.<\/p>\n<\/div>\n<\/div>\n\n\n\n<div class=\"wp-block-group alignfull has-dmz-line-background-color has-background is-layout-flow wp-block-group-is-layout-flow\" style=\"padding-top:6vw;padding-right:6vw;padding-bottom:6vw;padding-left:6vw\">\n<div class=\"wp-block-columns alignwide is-layout-flex wp-container-core-columns-is-layout-f184b86f wp-block-columns-is-layout-flex\">\n<div class=\"wp-block-column is-vertically-aligned-bottom is-layout-flow wp-block-column-is-layout-flow\" style=\"flex-basis:20%\">\n<figure data-wp-context=\"{&quot;imageId&quot;:&quot;6a97b909ea35b&quot;}\" data-wp-interactive=\"core\/image\" data-wp-key=\"6a97b909ea35b\" class=\"wp-block-image size-large wp-lightbox-container\"><img loading=\"lazy\" decoding=\"async\" width=\"1536\" height=\"1152\" data-wp-class--hide=\"state.isContentHidden\" data-wp-class--show=\"state.isContentVisible\" data-wp-init=\"callbacks.setButtonStyles\" data-wp-on--click=\"actions.showLightbox\" data-wp-on--load=\"callbacks.setButtonStyles\" data-wp-on--pointerdown=\"actions.preloadImage\" data-wp-on--pointerenter=\"actions.preloadImageWithDelay\" data-wp-on--pointerleave=\"actions.cancelPreload\" data-wp-on-window--resize=\"callbacks.setButtonStyles\" src=\"https:\/\/www.lindenhof.bz\/wp-content\/uploads\/2026\/08\/20230311143736-img_0646-1536x1152.jpg\" alt=\"\" class=\"wp-image-487\" style=\"aspect-ratio:4\/5;object-fit:cover;object-position:50% 46%\" srcset=\"https:\/\/www.lindenhof.bz\/wp-content\/uploads\/2026\/08\/20230311143736-img_0646-1536x1152.jpg 1536w, https:\/\/www.lindenhof.bz\/wp-content\/uploads\/2026\/08\/20230311143736-img_0646-768x576.jpg 768w, https:\/\/www.lindenhof.bz\/wp-content\/uploads\/2026\/08\/20230311143736-img_0646.jpg 2048w\" sizes=\"auto, (max-width: 1536px) 100vw, 1536px\" \/><button\n\t\t\tclass=\"lightbox-trigger\"\n\t\t\ttype=\"button\"\n\t\t\taria-haspopup=\"dialog\"\n\t\t\tdata-wp-bind--aria-label=\"state.thisImage.triggerButtonAriaLabel\"\n\t\t\tdata-wp-init=\"callbacks.initTriggerButton\"\n\t\t\tdata-wp-on--click=\"actions.showLightbox\"\n\t\t\tdata-wp-style--right=\"state.thisImage.buttonRight\"\n\t\t\tdata-wp-style--top=\"state.thisImage.buttonTop\"\n\t\t>\n\t\t\t<svg xmlns=\"http:\/\/www.w3.org\/2000\/svg\" width=\"12\" height=\"12\" fill=\"none\" viewBox=\"0 0 12 12\">\n\t\t\t\t<path fill=\"#fff\" d=\"M2 0a2 2 0 0 0-2 2v2h1.5V2a.5.5 0 0 1 .5-.5h2V0H2Zm2 10.5H2a.5.5 0 0 1-.5-.5V8H0v2a2 2 0 0 0 2 2h2v-1.5ZM8 12v-1.5h2a.5.5 0 0 0 .5-.5V8H12v2a2 2 0 0 1-2 2H8Zm2-12a2 2 0 0 1 2 2v2h-1.5V2a.5.5 0 0 0-.5-.5H8V0h2Z\" \/>\n\t\t\t<\/svg>\n\t\t<\/button><figcaption class=\"wp-element-caption\">Canederli<\/figcaption><\/figure>\n<\/div>\n\n\n\n<div class=\"wp-block-column is-layout-flow wp-block-column-is-layout-flow\" style=\"flex-basis:30%\">\n<figure class=\"wp-block-image size-large\"><img loading=\"lazy\" decoding=\"async\" width=\"1536\" height=\"1024\" src=\"https:\/\/www.lindenhof.bz\/wp-content\/uploads\/2026\/08\/20210719150123-_8502343-1536x1024.jpg\" alt=\"\" class=\"wp-image-713\" style=\"aspect-ratio:4\/5;object-fit:cover;object-position:77% 42%\" srcset=\"https:\/\/www.lindenhof.bz\/wp-content\/uploads\/2026\/08\/20210719150123-_8502343-1536x1024.jpg 1536w, https:\/\/www.lindenhof.bz\/wp-content\/uploads\/2026\/08\/20210719150123-_8502343-768x512.jpg 768w, https:\/\/www.lindenhof.bz\/wp-content\/uploads\/2026\/08\/20210719150123-_8502343.jpg 2048w\" sizes=\"auto, (max-width: 1536px) 100vw, 1536px\" \/><figcaption class=\"wp-element-caption\">Pasta<\/figcaption><\/figure>\n\n\n\n<div style=\"height:2vw\" aria-hidden=\"true\" class=\"wp-block-spacer\"><\/div>\n<\/div>\n\n\n\n<div class=\"wp-block-column is-vertically-aligned-center tablet-first is-layout-flow wp-block-column-is-layout-flow\" style=\"flex-basis:50%\">\n<h2 class=\"wp-block-heading\">Il gusto fa parte della vacanza<\/h2>\n\n\n\n<p class=\"wp-block-paragraph\"><strong>Dalla pizzeria al ristorante gourmet<\/strong><\/p>\n\n\n\n<p class=\"wp-block-paragraph\">Scoprire il sud dell\u2019Alto Adige significa anche lasciarsi conquistare dalla sua cucina. A Cortaccia e nei dintorni la scelta spazia dalle pizzerie e trattorie tradizionali alle osterie contadine fino ai ristoranti gourmet.<\/p>\n\n\n\n<p class=\"wp-block-paragraph\">Cucina tirolese o specialit\u00e0 italiane? Qui potete assaporare il meglio di entrambe.<\/p>\n<\/div>\n<\/div>\n<\/div>\n\n\n\n<div class=\"wp-block-group has-dmz-line-background-color has-background is-layout-constrained wp-container-core-group-is-layout-3ae6a1a4 wp-block-group-is-layout-constrained\" style=\"padding-top:var(--wp--preset--spacing--80);padding-right:var(--wp--preset--spacing--80);padding-bottom:var(--wp--preset--spacing--80);padding-left:var(--wp--preset--spacing--80)\">\n<h2 class=\"wp-block-heading has-text-align-center\">E il meteo?<\/h2>\n\n\n\n<p class=\"has-text-align-center wp-block-paragraph\">Il sud dell\u2019Alto Adige \u00e8 una delle zone pi\u00f9 soleggiate della regione. Circa 300 giorni di sole all\u2019anno e il clima mite, con influenze mediterranee, caratterizzano anche Cortaccia.<\/p>\n\n\n\n<div class=\"wp-block-buttons is-content-justification-center is-layout-flex wp-container-core-buttons-is-layout-3e41869c wp-block-buttons-is-layout-flex\">\n<div class=\"wp-block-button is-style-outline is-style-outline--3\"><a class=\"wp-block-button__link wp-element-button\" href=\"https:\/\/www.lindenhof.bz\/it\/meteo\/\">Meteo<\/a><\/div>\n<\/div>\n<\/div>\n","protected":false},"excerpt":{"rendered":"<p>Cortaccia &amp; il sud dell\u2019Alto Adige Sul versante soleggiato dell\u2019Alto Adige Vigneti, meleti e un tocco di atmosfera mediterranea: intorno a Cortaccia, l\u2019Alto Adige mostra il suo lato pi\u00f9 soleggiato. Il Lindenhof \u00e8 il punto di partenza ideale per scoprire il paese vinicolo e il sud dell\u2019Alto Adige \u2013 e al tempo stesso il centro [&hellip;]<\/p>\n","protected":false},"author":1,"featured_media":1178,"parent":0,"menu_order":0,"comment_status":"closed","ping_status":"closed","template":"","meta":{"footnotes":""},"page_tag":[],"class_list":["post-946","page","type-page","status-publish","has-post-thumbnail","hentry"],"_links":{"self":[{"href":"https:\/\/www.lindenhof.bz\/it\/wp-json\/wp\/v2\/pages\/946","targetHints":{"allow":["GET"]}}],"collection":[{"href":"https:\/\/www.lindenhof.bz\/it\/wp-json\/wp\/v2\/pages"}],"about":[{"href":"https:\/\/www.lindenhof.bz\/it\/wp-json\/wp\/v2\/types\/page"}],"author":[{"embeddable":true,"href":"https:\/\/www.lindenhof.bz\/it\/wp-json\/wp\/v2\/users\/1"}],"replies":[{"embeddable":true,"href":"https:\/\/www.lindenhof.bz\/it\/wp-json\/wp\/v2\/comments?post=946"}],"version-history":[{"count":2,"href":"https:\/\/www.lindenhof.bz\/it\/wp-json\/wp\/v2\/pages\/946\/revisions"}],"predecessor-version":[{"id":1179,"href":"https:\/\/www.lindenhof.bz\/it\/wp-json\/wp\/v2\/pages\/946\/revisions\/1179"}],"wp:featuredmedia":[{"embeddable":true,"href":"https:\/\/www.lindenhof.bz\/it\/wp-json\/wp\/v2\/media\/1178"}],"wp:attachment":[{"href":"https:\/\/www.lindenhof.bz\/it\/wp-json\/wp\/v2\/media?parent=946"}],"wp:term":[{"taxonomy":"page_tag","embeddable":true,"href":"https:\/\/www.lindenhof.bz\/it\/wp-json\/wp\/v2\/page_tag?post=946"}],"curies":[{"name":"wp","href":"https:\/\/api.w.org\/{rel}","templated":true}]}}